{"id":216,"date":"2020-06-18T19:11:01","date_gmt":"2020-06-18T19:11:01","guid":{"rendered":"http:\/\/estudiovernengo.com\/estudio\/?page_id=216"},"modified":"2023-03-24T12:24:46","modified_gmt":"2023-03-24T15:24:46","slug":"conectar","status":"publish","type":"page","link":"http:\/\/estudiovernengo.com\/estudio\/conectar\/","title":{"rendered":"Noticias"},"content":{"rendered":"\t\t<div data-elementor-type=\"wp-page\" data-elementor-id=\"216\" class=\"elementor elementor-216\">\n\t\t\t\t\t\t<section class=\"elementor-section elementor-top-section elementor-element elementor-element-b3476b1 elementor-section-stretched elementor-section-boxed elementor-section-height-default elementor-section-height-default\" data-id=\"b3476b1\" data-element_type=\"section\" data-e-type=\"section\" data-settings=\"{&quot;stretch_section&quot;:&quot;section-stretched&quot;}\">\n\t\t\t\t\t\t<div class=\"elementor-container elementor-column-gap-default\">\n\t\t\t\t\t<div class=\"elementor-column elementor-col-100 elementor-top-column elementor-element elementor-element-558fb2f\" data-id=\"558fb2f\" data-element_type=\"column\" data-e-type=\"column\">\n\t\t\t<div class=\"elementor-widget-wrap elementor-element-populated\">\n\t\t\t\t\t\t<div class=\"elementor-element elementor-element-835e28c elementor-widget elementor-widget-heading\" data-id=\"835e28c\" data-element_type=\"widget\" data-e-type=\"widget\" data-widget_type=\"heading.default\">\n\t\t\t\t<div class=\"elementor-widget-container\">\n\t\t\t\t\t<h2 class=\"elementor-heading-title elementor-size-default\">Noticias<\/h2>\t\t\t\t<\/div>\n\t\t\t\t<\/div>\n\t\t\t\t\t<\/div>\n\t\t<\/div>\n\t\t\t\t\t<\/div>\n\t\t<\/section>\n\t\t\t\t<section class=\"elementor-section elementor-top-section elementor-element elementor-element-6c1760e5 elementor-section-content-top elementor-section-stretched elementor-section-boxed elementor-section-height-default elementor-section-height-default\" data-id=\"6c1760e5\" data-element_type=\"section\" data-e-type=\"section\" data-settings=\"{&quot;stretch_section&quot;:&quot;section-stretched&quot;}\">\n\t\t\t\t\t\t<div class=\"elementor-container elementor-column-gap-no\">\n\t\t\t\t\t<div class=\"elementor-column elementor-col-100 elementor-top-column elementor-element elementor-element-2247e639\" data-id=\"2247e639\" data-element_type=\"column\" data-e-type=\"column\">\n\t\t\t<div class=\"elementor-widget-wrap elementor-element-populated\">\n\t\t\t\t\t\t<div class=\"elementor-element elementor-element-fed7eca elementor-grid-3 elementor-grid-tablet-2 elementor-grid-mobile-1 elementor-posts--thumbnail-top elementor-posts--show-avatar elementor-card-shadow-yes elementor-posts__hover-gradient elementor-widget elementor-widget-posts\" data-id=\"fed7eca\" data-element_type=\"widget\" data-e-type=\"widget\" data-settings=\"{&quot;pagination_type&quot;:&quot;prev_next&quot;,&quot;cards_columns&quot;:&quot;3&quot;,&quot;cards_columns_tablet&quot;:&quot;2&quot;,&quot;cards_columns_mobile&quot;:&quot;1&quot;,&quot;cards_row_gap&quot;:{&quot;unit&quot;:&quot;px&quot;,&quot;size&quot;:35,&quot;sizes&quot;:[]},&quot;cards_row_gap_tablet&quot;:{&quot;unit&quot;:&quot;px&quot;,&quot;size&quot;:&quot;&quot;,&quot;sizes&quot;:[]},&quot;cards_row_gap_mobile&quot;:{&quot;unit&quot;:&quot;px&quot;,&quot;size&quot;:&quot;&quot;,&quot;sizes&quot;:[]}}\" data-widget_type=\"posts.cards\">\n\t\t\t\t<div class=\"elementor-widget-container\">\n\t\t\t\t\t\t\t<div class=\"elementor-posts-container elementor-posts elementor-posts--skin-cards elementor-grid\">\n\t\t\t\t<article class=\"elementor-post elementor-grid-item post-777 post type-post status-publish format-standard has-post-thumbnail hentry category-noticias tag-afip tag-monotributo tag-obra-social\">\n\t\t\t<div class=\"elementor-post__card\">\n\t\t\t\t<a class=\"elementor-post__thumbnail__link\" href=\"http:\/\/estudiovernengo.com\/estudio\/monotributo-de-afip-que-obras-sociales-se-pueden-elegir\/\" ><div class=\"elementor-post__thumbnail\"><img fetchpriority=\"high\" decoding=\"async\" width=\"300\" height=\"172\" src=\"http:\/\/estudiovernengo.com\/estudio\/wp-content\/uploads\/2024\/04\/afip-monotributistas-jpg.-copia-300x172.jpg\" class=\"attachment-medium size-medium wp-image-778\" alt=\"\" srcset=\"http:\/\/estudiovernengo.com\/estudio\/wp-content\/uploads\/2024\/04\/afip-monotributistas-jpg.-copia-300x172.jpg 300w, http:\/\/estudiovernengo.com\/estudio\/wp-content\/uploads\/2024\/04\/afip-monotributistas-jpg.-copia-1024x585.jpg 1024w, http:\/\/estudiovernengo.com\/estudio\/wp-content\/uploads\/2024\/04\/afip-monotributistas-jpg.-copia-768x439.jpg 768w, http:\/\/estudiovernengo.com\/estudio\/wp-content\/uploads\/2024\/04\/afip-monotributistas-jpg.-copia.jpg 1200w\" sizes=\"(max-width: 300px) 100vw, 300px\" \/><\/div><\/a>\n\t\t\t\t<div class=\"elementor-post__badge\">Noticias<\/div>\n\t\t\t\t<div class=\"elementor-post__avatar\">\n\t\t\t<img data-del=\"avatar\" alt=\"Estudio Vernengo\" src='http:\/\/estudiovernengo.com\/estudio\/wp-content\/uploads\/2016\/06\/vernengo_logo_final-01-1-150x150.jpg' class='avatar pp-user-avatar avatar-128 photo ' height='128' width='128'\/>\t\t<\/div>\n\t\t\t\t<div class=\"elementor-post__text\">\n\t\t\t\t<h3 class=\"elementor-post__title\">\n\t\t\t<a href=\"http:\/\/estudiovernengo.com\/estudio\/monotributo-de-afip-que-obras-sociales-se-pueden-elegir\/\" >\n\t\t\t\tMonotributo de AFIP: qu\u00e9 obras sociales se pueden elegir\t\t\t<\/a>\n\t\t<\/h3>\n\t\t\t\t<div class=\"elementor-post__excerpt\">\n\t\t\t<p>Todos los contribuyentes abonan una cuota por impuestos nacionales (IVA y Ganancias) que les permite acceder a una obra social.<\/p>\n\t\t<\/div>\n\t\t\n\t\t<a class=\"elementor-post__read-more\" href=\"http:\/\/estudiovernengo.com\/estudio\/monotributo-de-afip-que-obras-sociales-se-pueden-elegir\/\" aria-label=\"Read more about Monotributo de AFIP: qu\u00e9 obras sociales se pueden elegir\" >\n\t\t\tSeguir leyendo \u00bb\t\t<\/a>\n\n\t\t\t\t<\/div>\n\t\t\t\t<div class=\"elementor-post__meta-data\">\n\t\t\t\t\t<span class=\"elementor-post-date\">\n\t\t\t11 abril, 2024\t\t<\/span>\n\t\t\t\t<\/div>\n\t\t\t\t\t<\/div>\n\t\t<\/article>\n\t\t\t\t<article class=\"elementor-post elementor-grid-item post-773 post type-post status-publish format-standard has-post-thumbnail hentry category-noticias\">\n\t\t\t<div class=\"elementor-post__card\">\n\t\t\t\t<a class=\"elementor-post__thumbnail__link\" href=\"http:\/\/estudiovernengo.com\/estudio\/dato-por-dato-que-sabe-y-cual-es-la-nueva-informacion-que-recibira-la-afip-de-las-cuentas-de-argentinos-en-eeuu\/\" ><div class=\"elementor-post__thumbnail\"><img decoding=\"async\" width=\"300\" height=\"144\" src=\"http:\/\/estudiovernengo.com\/estudio\/wp-content\/uploads\/2024\/04\/acuerdo-300x144.jpeg\" class=\"attachment-medium size-medium wp-image-774\" alt=\"\" srcset=\"http:\/\/estudiovernengo.com\/estudio\/wp-content\/uploads\/2024\/04\/acuerdo-300x144.jpeg 300w, http:\/\/estudiovernengo.com\/estudio\/wp-content\/uploads\/2024\/04\/acuerdo-1024x491.jpeg 1024w, http:\/\/estudiovernengo.com\/estudio\/wp-content\/uploads\/2024\/04\/acuerdo-768x368.jpeg 768w, http:\/\/estudiovernengo.com\/estudio\/wp-content\/uploads\/2024\/04\/acuerdo.jpeg 1434w\" sizes=\"(max-width: 300px) 100vw, 300px\" \/><\/div><\/a>\n\t\t\t\t<div class=\"elementor-post__badge\">Noticias<\/div>\n\t\t\t\t<div class=\"elementor-post__avatar\">\n\t\t\t<img data-del=\"avatar\" alt=\"Estudio Vernengo\" src='http:\/\/estudiovernengo.com\/estudio\/wp-content\/uploads\/2016\/06\/vernengo_logo_final-01-1-150x150.jpg' class='avatar pp-user-avatar avatar-128 photo ' height='128' width='128'\/>\t\t<\/div>\n\t\t\t\t<div class=\"elementor-post__text\">\n\t\t\t\t<h3 class=\"elementor-post__title\">\n\t\t\t<a href=\"http:\/\/estudiovernengo.com\/estudio\/dato-por-dato-que-sabe-y-cual-es-la-nueva-informacion-que-recibira-la-afip-de-las-cuentas-de-argentinos-en-eeuu\/\" >\n\t\t\t\tDato por dato: qu\u00e9 sabe y cu\u00e1l es la nueva informaci\u00f3n que recibir\u00e1 la AFIP de las cuentas de argentinos en EEUU\t\t\t<\/a>\n\t\t<\/h3>\n\t\t\t\t<div class=\"elementor-post__excerpt\">\n\t\t\t<p>Est\u00e1 vigente el acuerdo de intercambio de informaci\u00f3n autom\u00e1tico entre el organismo fiscal argentino y el IRS, que comenzar\u00e1 a<\/p>\n\t\t<\/div>\n\t\t\n\t\t<a class=\"elementor-post__read-more\" href=\"http:\/\/estudiovernengo.com\/estudio\/dato-por-dato-que-sabe-y-cual-es-la-nueva-informacion-que-recibira-la-afip-de-las-cuentas-de-argentinos-en-eeuu\/\" aria-label=\"Read more about Dato por dato: qu\u00e9 sabe y cu\u00e1l es la nueva informaci\u00f3n que recibir\u00e1 la AFIP de las cuentas de argentinos en EEUU\" >\n\t\t\tSeguir leyendo \u00bb\t\t<\/a>\n\n\t\t\t\t<\/div>\n\t\t\t\t<div class=\"elementor-post__meta-data\">\n\t\t\t\t\t<span class=\"elementor-post-date\">\n\t\t\t2 abril, 2024\t\t<\/span>\n\t\t\t\t<\/div>\n\t\t\t\t\t<\/div>\n\t\t<\/article>\n\t\t\t\t<article class=\"elementor-post elementor-grid-item post-763 post type-post status-publish format-standard has-post-thumbnail hentry category-noticias\">\n\t\t\t<div class=\"elementor-post__card\">\n\t\t\t\t<a class=\"elementor-post__thumbnail__link\" href=\"http:\/\/estudiovernengo.com\/estudio\/feria-administrativa-de-la-afip-para-el-verano-2024-que-seguira-vigente-en-el-receso\/\" ><div class=\"elementor-post__thumbnail\"><img decoding=\"async\" width=\"300\" height=\"169\" src=\"http:\/\/estudiovernengo.com\/estudio\/wp-content\/uploads\/2023\/12\/553250-300x169.webp\" class=\"attachment-medium size-medium wp-image-765\" alt=\"\" srcset=\"http:\/\/estudiovernengo.com\/estudio\/wp-content\/uploads\/2023\/12\/553250-300x169.webp 300w, http:\/\/estudiovernengo.com\/estudio\/wp-content\/uploads\/2023\/12\/553250-768x432.webp 768w, http:\/\/estudiovernengo.com\/estudio\/wp-content\/uploads\/2023\/12\/553250.webp 880w\" sizes=\"(max-width: 300px) 100vw, 300px\" \/><\/div><\/a>\n\t\t\t\t<div class=\"elementor-post__badge\">Noticias<\/div>\n\t\t\t\t<div class=\"elementor-post__avatar\">\n\t\t\t<img data-del=\"avatar\" alt=\"Estudio Vernengo\" src='http:\/\/estudiovernengo.com\/estudio\/wp-content\/uploads\/2016\/06\/vernengo_logo_final-01-1-150x150.jpg' class='avatar pp-user-avatar avatar-128 photo ' height='128' width='128'\/>\t\t<\/div>\n\t\t\t\t<div class=\"elementor-post__text\">\n\t\t\t\t<h3 class=\"elementor-post__title\">\n\t\t\t<a href=\"http:\/\/estudiovernengo.com\/estudio\/feria-administrativa-de-la-afip-para-el-verano-2024-que-seguira-vigente-en-el-receso\/\" >\n\t\t\t\tFeria administrativa de la AFIP para el verano 2024: qu\u00e9 seguir\u00e1 vigente en el receso\t\t\t<\/a>\n\t\t<\/h3>\n\t\t\t\t<div class=\"elementor-post__excerpt\">\n\t\t\t<p>La\u00a0AFIP fija la feria administrativa\u00a0o\u00a0\u00abferia fiscal\u00bb del 1 al 31 de enero,\u00a0para la que no considera el c\u00f3mputo de los<\/p>\n\t\t<\/div>\n\t\t\n\t\t<a class=\"elementor-post__read-more\" href=\"http:\/\/estudiovernengo.com\/estudio\/feria-administrativa-de-la-afip-para-el-verano-2024-que-seguira-vigente-en-el-receso\/\" aria-label=\"Read more about Feria administrativa de la AFIP para el verano 2024: qu\u00e9 seguir\u00e1 vigente en el receso\" >\n\t\t\tSeguir leyendo \u00bb\t\t<\/a>\n\n\t\t\t\t<\/div>\n\t\t\t\t<div class=\"elementor-post__meta-data\">\n\t\t\t\t\t<span class=\"elementor-post-date\">\n\t\t\t27 diciembre, 2023\t\t<\/span>\n\t\t\t\t<\/div>\n\t\t\t\t\t<\/div>\n\t\t<\/article>\n\t\t\t\t<article class=\"elementor-post elementor-grid-item post-758 post type-post status-publish format-standard has-post-thumbnail hentry category-noticias tag-deuda tag-monotripbuto\">\n\t\t\t<div class=\"elementor-post__card\">\n\t\t\t\t<a class=\"elementor-post__thumbnail__link\" href=\"http:\/\/estudiovernengo.com\/estudio\/monotributo-como-saber-si-tengo-una-deuda-con-afip-y-como-pagarla\/\" ><div class=\"elementor-post__thumbnail\"><img loading=\"lazy\" decoding=\"async\" width=\"300\" height=\"169\" src=\"http:\/\/estudiovernengo.com\/estudio\/wp-content\/uploads\/2023\/11\/monotribyuto-pagar-300x169.webp\" class=\"attachment-medium size-medium wp-image-759\" alt=\"\" srcset=\"http:\/\/estudiovernengo.com\/estudio\/wp-content\/uploads\/2023\/11\/monotribyuto-pagar-300x169.webp 300w, http:\/\/estudiovernengo.com\/estudio\/wp-content\/uploads\/2023\/11\/monotribyuto-pagar-1024x575.webp 1024w, http:\/\/estudiovernengo.com\/estudio\/wp-content\/uploads\/2023\/11\/monotribyuto-pagar-768x431.webp 768w, http:\/\/estudiovernengo.com\/estudio\/wp-content\/uploads\/2023\/11\/monotribyuto-pagar.webp 1200w\" sizes=\"(max-width: 300px) 100vw, 300px\" \/><\/div><\/a>\n\t\t\t\t<div class=\"elementor-post__badge\">Noticias<\/div>\n\t\t\t\t<div class=\"elementor-post__avatar\">\n\t\t\t<img data-del=\"avatar\" alt=\"Estudio Vernengo\" src='http:\/\/estudiovernengo.com\/estudio\/wp-content\/uploads\/2016\/06\/vernengo_logo_final-01-1-150x150.jpg' class='avatar pp-user-avatar avatar-128 photo ' height='128' width='128'\/>\t\t<\/div>\n\t\t\t\t<div class=\"elementor-post__text\">\n\t\t\t\t<h3 class=\"elementor-post__title\">\n\t\t\t<a href=\"http:\/\/estudiovernengo.com\/estudio\/monotributo-como-saber-si-tengo-una-deuda-con-afip-y-como-pagarla\/\" >\n\t\t\t\tMonotributo: c\u00f3mo saber si tengo una deuda con AFIP y c\u00f3mo pagarla\t\t\t<\/a>\n\t\t<\/h3>\n\t\t\t\t<div class=\"elementor-post__excerpt\">\n\t\t\t<p>El monotributo\u00a0es un\u00a0r\u00e9gimen simplificado de pago de impuestos\u00a0por personas consideradas como peque\u00f1os\u00a0contribuyentes. Este sistema est\u00e1 disponible para aquellos que realizan\u00a0actividades\u00a0de\u00a0prestaci\u00f3n<\/p>\n\t\t<\/div>\n\t\t\n\t\t<a class=\"elementor-post__read-more\" href=\"http:\/\/estudiovernengo.com\/estudio\/monotributo-como-saber-si-tengo-una-deuda-con-afip-y-como-pagarla\/\" aria-label=\"Read more about Monotributo: c\u00f3mo saber si tengo una deuda con AFIP y c\u00f3mo pagarla\" >\n\t\t\tSeguir leyendo \u00bb\t\t<\/a>\n\n\t\t\t\t<\/div>\n\t\t\t\t<div class=\"elementor-post__meta-data\">\n\t\t\t\t\t<span class=\"elementor-post-date\">\n\t\t\t24 noviembre, 2023\t\t<\/span>\n\t\t\t\t<\/div>\n\t\t\t\t\t<\/div>\n\t\t<\/article>\n\t\t\t\t<article class=\"elementor-post elementor-grid-item post-750 post type-post status-publish format-standard has-post-thumbnail hentry category-noticias tag-acuerdo-de-precios tag-beneficios\">\n\t\t\t<div class=\"elementor-post__card\">\n\t\t\t\t<a class=\"elementor-post__thumbnail__link\" href=\"http:\/\/estudiovernengo.com\/estudio\/extienden-la-vigencia-de-beneficios-para-sujetos-que-suscriban-acuerdos-de-precios\/\" ><div class=\"elementor-post__thumbnail\"><img loading=\"lazy\" decoding=\"async\" width=\"300\" height=\"169\" src=\"http:\/\/estudiovernengo.com\/estudio\/wp-content\/uploads\/2023\/10\/acuerdo-300x169.jpg\" class=\"attachment-medium size-medium wp-image-752\" alt=\"\" srcset=\"http:\/\/estudiovernengo.com\/estudio\/wp-content\/uploads\/2023\/10\/acuerdo-300x169.jpg 300w, http:\/\/estudiovernengo.com\/estudio\/wp-content\/uploads\/2023\/10\/acuerdo-1024x576.jpg 1024w, http:\/\/estudiovernengo.com\/estudio\/wp-content\/uploads\/2023\/10\/acuerdo-768x432.jpg 768w, http:\/\/estudiovernengo.com\/estudio\/wp-content\/uploads\/2023\/10\/acuerdo.jpg 1200w\" sizes=\"(max-width: 300px) 100vw, 300px\" \/><\/div><\/a>\n\t\t\t\t<div class=\"elementor-post__badge\">Noticias<\/div>\n\t\t\t\t<div class=\"elementor-post__avatar\">\n\t\t\t<img data-del=\"avatar\" alt=\"Estudio Vernengo\" src='http:\/\/estudiovernengo.com\/estudio\/wp-content\/uploads\/2016\/06\/vernengo_logo_final-01-1-150x150.jpg' class='avatar pp-user-avatar avatar-128 photo ' height='128' width='128'\/>\t\t<\/div>\n\t\t\t\t<div class=\"elementor-post__text\">\n\t\t\t\t<h3 class=\"elementor-post__title\">\n\t\t\t<a href=\"http:\/\/estudiovernengo.com\/estudio\/extienden-la-vigencia-de-beneficios-para-sujetos-que-suscriban-acuerdos-de-precios\/\" >\n\t\t\t\tExtienden la vigencia de beneficios para sujetos que suscriban acuerdos de precios\t\t\t<\/a>\n\t\t<\/h3>\n\t\t\t\t<div class=\"elementor-post__excerpt\">\n\t\t\t<p>El Poder Ejecutivo prorroga, hasta el 31 de diciembre, la aplicaci\u00f3n de los beneficios fiscales para aquellos sujetos que suscriban<\/p>\n\t\t<\/div>\n\t\t\n\t\t<a class=\"elementor-post__read-more\" href=\"http:\/\/estudiovernengo.com\/estudio\/extienden-la-vigencia-de-beneficios-para-sujetos-que-suscriban-acuerdos-de-precios\/\" aria-label=\"Read more about Extienden la vigencia de beneficios para sujetos que suscriban acuerdos de precios\" >\n\t\t\tSeguir leyendo \u00bb\t\t<\/a>\n\n\t\t\t\t<\/div>\n\t\t\t\t<div class=\"elementor-post__meta-data\">\n\t\t\t\t\t<span class=\"elementor-post-date\">\n\t\t\t31 octubre, 2023\t\t<\/span>\n\t\t\t\t<\/div>\n\t\t\t\t\t<\/div>\n\t\t<\/article>\n\t\t\t\t<article class=\"elementor-post elementor-grid-item post-745 post type-post status-publish format-standard has-post-thumbnail hentry category-noticias tag-devolucion-del-iva\">\n\t\t\t<div class=\"elementor-post__card\">\n\t\t\t\t<a class=\"elementor-post__thumbnail__link\" href=\"http:\/\/estudiovernengo.com\/estudio\/como-saber-si-me-devuelven-el-iva-en-las-compras-beneficiarios-monto-y-tiempo-del-reintegro\/\" ><div class=\"elementor-post__thumbnail\"><img loading=\"lazy\" decoding=\"async\" width=\"300\" height=\"200\" src=\"http:\/\/estudiovernengo.com\/estudio\/wp-content\/uploads\/2023\/09\/citan-a-indagatoria-a-una-pareja-que-volvio-de-5NMMB63VMJEH5AGEDYQLMQJ2OU-1-300x200.jpeg\" class=\"attachment-medium size-medium wp-image-747\" alt=\"\" srcset=\"http:\/\/estudiovernengo.com\/estudio\/wp-content\/uploads\/2023\/09\/citan-a-indagatoria-a-una-pareja-que-volvio-de-5NMMB63VMJEH5AGEDYQLMQJ2OU-1-300x200.jpeg 300w, http:\/\/estudiovernengo.com\/estudio\/wp-content\/uploads\/2023\/09\/citan-a-indagatoria-a-una-pareja-que-volvio-de-5NMMB63VMJEH5AGEDYQLMQJ2OU-1-1024x682.jpeg 1024w, http:\/\/estudiovernengo.com\/estudio\/wp-content\/uploads\/2023\/09\/citan-a-indagatoria-a-una-pareja-que-volvio-de-5NMMB63VMJEH5AGEDYQLMQJ2OU-1-768x511.jpeg 768w, http:\/\/estudiovernengo.com\/estudio\/wp-content\/uploads\/2023\/09\/citan-a-indagatoria-a-una-pareja-que-volvio-de-5NMMB63VMJEH5AGEDYQLMQJ2OU-1.jpeg 1200w\" sizes=\"(max-width: 300px) 100vw, 300px\" \/><\/div><\/a>\n\t\t\t\t<div class=\"elementor-post__badge\">Noticias<\/div>\n\t\t\t\t<div class=\"elementor-post__avatar\">\n\t\t\t<img data-del=\"avatar\" alt=\"Estudio Vernengo\" src='http:\/\/estudiovernengo.com\/estudio\/wp-content\/uploads\/2016\/06\/vernengo_logo_final-01-1-150x150.jpg' class='avatar pp-user-avatar avatar-128 photo ' height='128' width='128'\/>\t\t<\/div>\n\t\t\t\t<div class=\"elementor-post__text\">\n\t\t\t\t<h3 class=\"elementor-post__title\">\n\t\t\t<a href=\"http:\/\/estudiovernengo.com\/estudio\/como-saber-si-me-devuelven-el-iva-en-las-compras-beneficiarios-monto-y-tiempo-del-reintegro\/\" >\n\t\t\t\tC\u00f3mo saber si me devuelven el IVA en las compras: beneficiarios, monto y tiempo del reintegro\t\t\t<\/a>\n\t\t<\/h3>\n\t\t\t\t<div class=\"elementor-post__excerpt\">\n\t\t\t<p>El programa \u201cCompre sin IVA\u201d, mediante el cual se reintegra el 21 por ciento del\u00a0Impuesto al Valor Agregado\u00a0a quienes cumplan<\/p>\n\t\t<\/div>\n\t\t\n\t\t<a class=\"elementor-post__read-more\" href=\"http:\/\/estudiovernengo.com\/estudio\/como-saber-si-me-devuelven-el-iva-en-las-compras-beneficiarios-monto-y-tiempo-del-reintegro\/\" aria-label=\"Read more about C\u00f3mo saber si me devuelven el IVA en las compras: beneficiarios, monto y tiempo del reintegro\" >\n\t\t\tSeguir leyendo \u00bb\t\t<\/a>\n\n\t\t\t\t<\/div>\n\t\t\t\t<div class=\"elementor-post__meta-data\">\n\t\t\t\t\t<span class=\"elementor-post-date\">\n\t\t\t24 septiembre, 2023\t\t<\/span>\n\t\t\t\t<\/div>\n\t\t\t\t\t<\/div>\n\t\t<\/article>\n\t\t\t\t<article class=\"elementor-post elementor-grid-item post-741 post type-post status-publish format-standard has-post-thumbnail hentry category-noticias tag-prestamo\">\n\t\t\t<div class=\"elementor-post__card\">\n\t\t\t\t<a class=\"elementor-post__thumbnail__link\" href=\"http:\/\/estudiovernengo.com\/estudio\/como-sacar-el-prestamo-de-hasta-4-millones-de-pesos-para-monotributistas\/\" ><div class=\"elementor-post__thumbnail\"><img loading=\"lazy\" decoding=\"async\" width=\"300\" height=\"169\" src=\"http:\/\/estudiovernengo.com\/estudio\/wp-content\/uploads\/2023\/09\/Credito-de-hasta-4-millones-para-monotributistas-300x169.webp\" class=\"attachment-medium size-medium wp-image-742\" alt=\"\" srcset=\"http:\/\/estudiovernengo.com\/estudio\/wp-content\/uploads\/2023\/09\/Credito-de-hasta-4-millones-para-monotributistas-300x169.webp 300w, http:\/\/estudiovernengo.com\/estudio\/wp-content\/uploads\/2023\/09\/Credito-de-hasta-4-millones-para-monotributistas-1024x576.webp 1024w, http:\/\/estudiovernengo.com\/estudio\/wp-content\/uploads\/2023\/09\/Credito-de-hasta-4-millones-para-monotributistas-768x432.webp 768w, http:\/\/estudiovernengo.com\/estudio\/wp-content\/uploads\/2023\/09\/Credito-de-hasta-4-millones-para-monotributistas.webp 1200w\" sizes=\"(max-width: 300px) 100vw, 300px\" \/><\/div><\/a>\n\t\t\t\t<div class=\"elementor-post__badge\">Noticias<\/div>\n\t\t\t\t<div class=\"elementor-post__avatar\">\n\t\t\t<img data-del=\"avatar\" alt=\"Estudio Vernengo\" src='http:\/\/estudiovernengo.com\/estudio\/wp-content\/uploads\/2016\/06\/vernengo_logo_final-01-1-150x150.jpg' class='avatar pp-user-avatar avatar-128 photo ' height='128' width='128'\/>\t\t<\/div>\n\t\t\t\t<div class=\"elementor-post__text\">\n\t\t\t\t<h3 class=\"elementor-post__title\">\n\t\t\t<a href=\"http:\/\/estudiovernengo.com\/estudio\/como-sacar-el-prestamo-de-hasta-4-millones-de-pesos-para-monotributistas\/\" >\n\t\t\t\tC\u00f3mo sacar el pr\u00e9stamo de hasta 4 millones de pesos para monotributistas\t\t\t<\/a>\n\t\t<\/h3>\n\t\t\t\t<div class=\"elementor-post__excerpt\">\n\t\t\t<p>Una de las\u00a0medidas econ\u00f3micas m\u00e1s esperadas por los monotributistas\u00a0es la posibilidad de acceder a cr\u00e9ditos de hasta\u00a04 millones de pesos\u00a0.<\/p>\n\t\t<\/div>\n\t\t\n\t\t<a class=\"elementor-post__read-more\" href=\"http:\/\/estudiovernengo.com\/estudio\/como-sacar-el-prestamo-de-hasta-4-millones-de-pesos-para-monotributistas\/\" aria-label=\"Read more about C\u00f3mo sacar el pr\u00e9stamo de hasta 4 millones de pesos para monotributistas\" >\n\t\t\tSeguir leyendo \u00bb\t\t<\/a>\n\n\t\t\t\t<\/div>\n\t\t\t\t<div class=\"elementor-post__meta-data\">\n\t\t\t\t\t<span class=\"elementor-post-date\">\n\t\t\t1 septiembre, 2023\t\t<\/span>\n\t\t\t\t<\/div>\n\t\t\t\t\t<\/div>\n\t\t<\/article>\n\t\t\t\t<article class=\"elementor-post elementor-grid-item post-736 post type-post status-publish format-standard has-post-thumbnail hentry category-noticias tag-afip tag-oficios-judiciales\">\n\t\t\t<div class=\"elementor-post__card\">\n\t\t\t\t<a class=\"elementor-post__thumbnail__link\" href=\"http:\/\/estudiovernengo.com\/estudio\/nuevo-servicio-para-la-tramitacion-de-oficios-judiciales-ante-la-afip\/\" ><div class=\"elementor-post__thumbnail\"><img loading=\"lazy\" decoding=\"async\" width=\"300\" height=\"158\" src=\"http:\/\/estudiovernengo.com\/estudio\/wp-content\/uploads\/2023\/07\/afip-nueva-300x158.jpg\" class=\"attachment-medium size-medium wp-image-737\" alt=\"\" srcset=\"http:\/\/estudiovernengo.com\/estudio\/wp-content\/uploads\/2023\/07\/afip-nueva-300x158.jpg 300w, http:\/\/estudiovernengo.com\/estudio\/wp-content\/uploads\/2023\/07\/afip-nueva-1024x538.jpg 1024w, http:\/\/estudiovernengo.com\/estudio\/wp-content\/uploads\/2023\/07\/afip-nueva-768x403.jpg 768w, http:\/\/estudiovernengo.com\/estudio\/wp-content\/uploads\/2023\/07\/afip-nueva.jpg 1200w\" sizes=\"(max-width: 300px) 100vw, 300px\" \/><\/div><\/a>\n\t\t\t\t<div class=\"elementor-post__badge\">Noticias<\/div>\n\t\t\t\t<div class=\"elementor-post__avatar\">\n\t\t\t<img data-del=\"avatar\" alt=\"Estudio Vernengo\" src='http:\/\/estudiovernengo.com\/estudio\/wp-content\/uploads\/2016\/06\/vernengo_logo_final-01-1-150x150.jpg' class='avatar pp-user-avatar avatar-128 photo ' height='128' width='128'\/>\t\t<\/div>\n\t\t\t\t<div class=\"elementor-post__text\">\n\t\t\t\t<h3 class=\"elementor-post__title\">\n\t\t\t<a href=\"http:\/\/estudiovernengo.com\/estudio\/nuevo-servicio-para-la-tramitacion-de-oficios-judiciales-ante-la-afip\/\" >\n\t\t\t\tNuevo servicio para la tramitaci\u00f3n de oficios judiciales ante la AFIP\t\t\t<\/a>\n\t\t<\/h3>\n\t\t\t\t<div class=\"elementor-post__excerpt\">\n\t\t\t<p>La AFIP implementa el servicio \u201cTramitaci\u00f3n Autom\u00e1tica de Oficios (TAO)\u201d para la recepci\u00f3n, gesti\u00f3n y respuesta autom\u00e1tica de oficios judiciales<\/p>\n\t\t<\/div>\n\t\t\n\t\t<a class=\"elementor-post__read-more\" href=\"http:\/\/estudiovernengo.com\/estudio\/nuevo-servicio-para-la-tramitacion-de-oficios-judiciales-ante-la-afip\/\" aria-label=\"Read more about Nuevo servicio para la tramitaci\u00f3n de oficios judiciales ante la AFIP\" >\n\t\t\tSeguir leyendo \u00bb\t\t<\/a>\n\n\t\t\t\t<\/div>\n\t\t\t\t<div class=\"elementor-post__meta-data\">\n\t\t\t\t\t<span class=\"elementor-post-date\">\n\t\t\t10 julio, 2023\t\t<\/span>\n\t\t\t\t<\/div>\n\t\t\t\t\t<\/div>\n\t\t<\/article>\n\t\t\t\t<article class=\"elementor-post elementor-grid-item post-722 post type-post status-publish format-standard has-post-thumbnail hentry category-noticias tag-monotributo tag-valores\">\n\t\t\t<div class=\"elementor-post__card\">\n\t\t\t\t<a class=\"elementor-post__thumbnail__link\" href=\"http:\/\/estudiovernengo.com\/estudio\/cuanto-se-paga-por-mes-para-ser-monotributista\/\" ><div class=\"elementor-post__thumbnail\"><img loading=\"lazy\" decoding=\"async\" width=\"300\" height=\"169\" src=\"http:\/\/estudiovernengo.com\/estudio\/wp-content\/uploads\/2023\/04\/509905-300x169.webp\" class=\"attachment-medium size-medium wp-image-723\" alt=\"\" srcset=\"http:\/\/estudiovernengo.com\/estudio\/wp-content\/uploads\/2023\/04\/509905-300x169.webp 300w, http:\/\/estudiovernengo.com\/estudio\/wp-content\/uploads\/2023\/04\/509905-768x432.webp 768w, http:\/\/estudiovernengo.com\/estudio\/wp-content\/uploads\/2023\/04\/509905.webp 880w\" sizes=\"(max-width: 300px) 100vw, 300px\" \/><\/div><\/a>\n\t\t\t\t<div class=\"elementor-post__badge\">Noticias<\/div>\n\t\t\t\t<div class=\"elementor-post__avatar\">\n\t\t\t<img data-del=\"avatar\" alt=\"Estudio Vernengo\" src='http:\/\/estudiovernengo.com\/estudio\/wp-content\/uploads\/2016\/06\/vernengo_logo_final-01-1-150x150.jpg' class='avatar pp-user-avatar avatar-128 photo ' height='128' width='128'\/>\t\t<\/div>\n\t\t\t\t<div class=\"elementor-post__text\">\n\t\t\t\t<h3 class=\"elementor-post__title\">\n\t\t\t<a href=\"http:\/\/estudiovernengo.com\/estudio\/cuanto-se-paga-por-mes-para-ser-monotributista\/\" >\n\t\t\t\tCu\u00e1nto se paga por mes para ser monotributista\t\t\t<\/a>\n\t\t<\/h3>\n\t\t\t\t<div class=\"elementor-post__excerpt\">\n\t\t\t<p>Las personas adheridas al\u00a0r\u00e9gimen simplificado\u00a0deben pagar una\u00a0cuota mensual\u00a0que depender\u00e1 de su\u00a0nivel de ingresos. En el\u00a0monotributo\u00a0hay\u00a011 categor\u00edas\u00a0diferentes, donde cada contribuyente corresponde<\/p>\n\t\t<\/div>\n\t\t\n\t\t<a class=\"elementor-post__read-more\" href=\"http:\/\/estudiovernengo.com\/estudio\/cuanto-se-paga-por-mes-para-ser-monotributista\/\" aria-label=\"Read more about Cu\u00e1nto se paga por mes para ser monotributista\" >\n\t\t\tSeguir leyendo \u00bb\t\t<\/a>\n\n\t\t\t\t<\/div>\n\t\t\t\t<div class=\"elementor-post__meta-data\">\n\t\t\t\t\t<span class=\"elementor-post-date\">\n\t\t\t14 abril, 2023\t\t<\/span>\n\t\t\t\t<\/div>\n\t\t\t\t\t<\/div>\n\t\t<\/article>\n\t\t\t\t<\/div>\n\t\t\n\t\t\t\t<div class=\"e-load-more-anchor\" data-page=\"1\" data-max-page=\"11\" data-next-page=\"http:\/\/estudiovernengo.com\/estudio\/wp-json\/wp\/v2\/pages\/216\/page\/2\/\"><\/div>\n\t\t\t\t<nav class=\"elementor-pagination\" aria-label=\"Pagination\">\n\t\t\t<span class=\"page-numbers prev\">&laquo; Anterior<\/span>\n<a class=\"page-numbers next\" href=\"http:\/\/estudiovernengo.com\/estudio\/wp-json\/wp\/v2\/pages\/216\/page\/2\/\">Siguiente &raquo;<\/a>\t\t<\/nav>\n\t\t\t\t\t\t<\/div>\n\t\t\t\t<\/div>\n\t\t\t\t\t<\/div>\n\t\t<\/div>\n\t\t\t\t\t<\/div>\n\t\t<\/section>\n\t\t\t\t<\/div>\n\t\t","protected":false},"excerpt":{"rendered":"<p>Noticias<\/p>\n","protected":false},"author":2,"featured_media":0,"parent":0,"menu_order":0,"comment_status":"closed","ping_status":"closed","template":"","meta":{"generate_page_header":"","footnotes":""},"class_list":["post-216","page","type-page","status-publish","hentry"],"_links":{"self":[{"href":"http:\/\/estudiovernengo.com\/estudio\/wp-json\/wp\/v2\/pages\/216","targetHints":{"allow":["GET"]}}],"collection":[{"href":"http:\/\/estudiovernengo.com\/estudio\/wp-json\/wp\/v2\/pages"}],"about":[{"href":"http:\/\/estudiovernengo.com\/estudio\/wp-json\/wp\/v2\/types\/page"}],"author":[{"embeddable":true,"href":"http:\/\/estudiovernengo.com\/estudio\/wp-json\/wp\/v2\/users\/2"}],"replies":[{"embeddable":true,"href":"http:\/\/estudiovernengo.com\/estudio\/wp-json\/wp\/v2\/comments?post=216"}],"version-history":[{"count":11,"href":"http:\/\/estudiovernengo.com\/estudio\/wp-json\/wp\/v2\/pages\/216\/revisions"}],"predecessor-version":[{"id":713,"href":"http:\/\/estudiovernengo.com\/estudio\/wp-json\/wp\/v2\/pages\/216\/revisions\/713"}],"wp:attachment":[{"href":"http:\/\/estudiovernengo.com\/estudio\/wp-json\/wp\/v2\/media?parent=216"}],"curies":[{"name":"wp","href":"https:\/\/api.w.org\/{rel}","templated":true}]}}